{"id":353,"date":"2021-01-09T00:15:08","date_gmt":"2021-01-08T21:15:08","guid":{"rendered":"https:\/\/skid.org.tr\/?page_id=353"},"modified":"2021-01-09T00:17:20","modified_gmt":"2021-01-08T21:17:20","slug":"skid-etik-degerleri","status":"publish","type":"page","link":"https:\/\/skid.org.tr\/tr_tr\/skid-etik-degerleri\/","title":{"rendered":"SK\u0130D Etik De\u011ferleri"},"content":{"rendered":"\n<p class=\"wp-block-paragraph\">Sa\u011fl\u0131kta Kalite \u0130yile\u015ftirme Derne\u011fi, misyonunu yerine getirmek i\u00e7in a\u015fa\u011f\u0131da tan\u0131mlanm\u0131\u015f de\u011ferlere sahip olmay\u0131 ve bu de\u011ferlerin t\u00fcm aktivitelerini y\u00f6nlendirmesini zorunlu g\u00f6rmektedir.<br>Dernek y\u00f6netimi, bu dok\u00fcman\u0131n t\u00fcm \u00fcyelere ula\u015ft\u0131r\u0131lmas\u0131n\u0131 ve kurumsal web sitesinde eri\u015filebilir olarak bulundurulmas\u0131n\u0131 sa\u011flar. Derne\u011fin t\u00fcm \u00fcyelerinin bu dok\u00fcman\u0131 okuyup kabul etti\u011fi varsay\u0131l\u0131r ve t\u00fcm dernek \u00fcyeleri i\u00e7in ba\u011flay\u0131c\u0131d\u0131r.<br>Bu de\u011ferlerin uygulamaya ge\u00e7irilmesi, dernek y\u00f6netim kurulunun \u00f6ncelikli g\u00f6revlerindendir. Y\u00f6netim kurulu, bu de\u011ferlerin uygulamaya ge\u00e7irilmesi konusunda genel kurula hesap verir. A\u015fa\u011f\u0131daki metinde, y\u00f6netim kurulunun talebi ve genel kurulun kabul\u00fc ile de\u011fi\u015fiklikler yap\u0131labilir.<\/p>\n\n\n\n<p class=\"wp-block-paragraph\">Hukukun \u00fcst\u00fcnl\u00fc\u011f\u00fc:<\/p>\n\n\n\n<ul class=\"wp-block-list\"><li>SK\u0130D; \u00fcyelerinin, derne\u011fin ilgi alan\u0131na giren t\u00fcm konulardaki dernek ad\u0131na yapt\u0131klar\u0131 faaliyetlerin g\u00fcncel hukuk kurallar\u0131na uygun oldu\u011funu \u00f6ncelikle denetler.<\/li><li>\u00fcyeler, her t\u00fcrl\u00fc yanl\u0131\u015f, hileli ya da yan\u0131lt\u0131c\u0131 faaliyete kar\u0131\u015fmaktan ka\u00e7\u0131n\u0131rlar.<\/li><li>Derne\u011fin ilgi alan\u0131ndaki konularda var olabilecek hukuki bo\u015fluklar\u0131n giderilmesi \u00f6ncelikli \u00e7al\u0131\u015fma alanlar\u0131ndand\u0131r.<\/li><\/ul>\n\n\n\n<p class=\"wp-block-paragraph\">Hasta G\u00fcvenli\u011fi Odakl\u0131l\u0131k:<\/p>\n\n\n\n<ul class=\"wp-block-list\"><li>SK\u0130D; sa\u011fl\u0131kta kalitenin iyile\u015ftirilmesinin en \u00f6nemli par\u00e7as\u0131n\u0131n \u201chasta g\u00fcvenli\u011fi\u201d oldu\u011funun bilinci ile, \u00fclke genelindeki sa\u011fl\u0131k hizmeti sunumu ile ilgili geli\u015fmeleri izler, kritik geli\u015fmelerde \u00f6zellikle uyar\u0131c\u0131 olur. Bu konuda \u00e7\u00f6z\u00fcm geli\u015ftirmeye odaklan\u0131r.<\/li><\/ul>\n\n\n\n<p class=\"wp-block-paragraph\">A\u00e7\u0131kl\u0131k ve \u015eeffafl\u0131k:<\/p>\n\n\n\n<ul class=\"wp-block-list\"><li>SK\u0130D; t\u00fcm faaliyetlerini ve bu faaliyetler s\u0131ras\u0131nda kurdu\u011fu ulusal veya uluslararas\u0131 ili\u015fkilerini hem \u00fcyeleri hem de kamu ile payla\u015f\u0131r.<\/li><li>T\u00fcm \u00fcyelerinin derne\u011fin aktivitelerine kat\u0131l\u0131m\u0131 konusunda te\u015fvik edicidir. Belli aktiviteler, konusu gere\u011fi \u00f6zel nitelikli kat\u0131l\u0131mc\u0131lar\u0131 gerektiriyorsa, bu nitelikler \u00fcyelerine \u00f6nceden duyurulur.<\/li><\/ul>\n\n\n\n<p class=\"wp-block-paragraph\">G\u00fcvenilirlik ve Gizlilik:<\/p>\n\n\n\n<ul class=\"wp-block-list\"><li>SK\u0130D; aktiviteleri s\u0131ras\u0131nda sahip oldu\u011fu ki\u015fisel veya kurumsal mahrem bilgileri, ki\u015fi veya kurumlar\u0131n onay\u0131 olmad\u0131k\u00e7a \u00fc\u00e7\u00fcnc\u00fc ki\u015fi ve kurumlarla payla\u015fmaz, hukukun izin verdi\u011fi en \u00fcst d\u00fczeyde korur. Dernek \u00fcyeleri de, dernekle ili\u015fkili aktiviteleri s\u0131ras\u0131nda sahip olduklar\u0131 bilgilerin korunmas\u0131ndan y\u00f6netimle birlikte sorumludurlar.<\/li><\/ul>\n\n\n\n<p class=\"wp-block-paragraph\">Hesap Verebilirlik:<\/p>\n\n\n\n<ul class=\"wp-block-list\"><li>SK\u0130D y\u00f6netimi; rutin yollarla yap\u0131lan bilgilendirmelere ek olarak, \u00fcyelerinden gelecek herhangi bir bilgi iste\u011fi veya a\u00e7\u0131klama talebini \u00f6ncelikli olarak cevaplar. Ayr\u0131ca; dernek faaliyetleri konusunda kamudan gelebilecek sorular konusunda a\u00e7\u0131klamalar yapmay\u0131 g\u00f6rev sayar.<\/li><li>\u00fcyeler yapt\u0131klar\u0131 faaliyetlerle ilgili olarak y\u00f6netimin gerekli g\u00f6rd\u00fc\u011f\u00fc ek a\u00e7\u0131klamalar varsa, \u00f6ncelikli olarak cevaplarlar.<\/li><\/ul>\n\n\n\n<p class=\"wp-block-paragraph\">\u0130\u015fbirli\u011fi ve \u00e7\u0131kar \u00e7at\u0131\u015fmalar\u0131:<\/p>\n\n\n\n<ul class=\"wp-block-list\"><li>SK\u0130D ba\u011f\u0131ms\u0131z bir kurulu\u015f olup, herhangi bir politik, ekonomik veya sosyal \u00e7evre, ekip veya bask\u0131 grubu ile ili\u015fki atfolunamaz. Derne\u011fin herhangi bir ba\u015fka kurulu\u015fla ili\u015fkilerini belirleyen tek parametre, yap\u0131lan aktivitelerle ilgili i\u015fbirlikleridir. Sa\u011fl\u0131k sekt\u00f6r\u00fc ile ilgili t\u00fcm kurulu\u015flarla i\u015fbirli\u011fi yapar.<\/li><li>SK\u0130D; \u00e7al\u0131\u015fmalar\u0131 s\u0131ras\u0131nda belirgin hale gelen kendisine, \u00fcyelerine veya payda\u015flar\u0131na ait \u00e7\u0131kar \u00e7at\u0131\u015fmalar\u0131n\u0131 yap\u0131lan \u00e7al\u0131\u015fman\u0131n taraflar\u0131na duyurur.<\/li><\/ul>\n\n\n\n<p class=\"wp-block-paragraph\">Finansal \u0130li\u015fkiler:<\/p>\n\n\n\n<ul class=\"wp-block-list\"><li>SK\u0130D; kar amac\u0131 g\u00fctmeyen bir kurulu\u015f olarak, mali destek ald\u0131\u011f\u0131 kurumlar\u0131 ve sponsorluklar\u0131 kamuya duyurur.<\/li><li>Dernek t\u00fczel ki\u015fili\u011fi ad\u0131na veya derne\u011fi temsilen \u00fcyelerin kat\u0131l\u0131m\u0131 ile ger\u00e7ekle\u015ftirilen t\u00fcm aktivitelerle ilgili sponsorluklar\u0131n ve varsa dernek ve\/veya \u00fcyelerle ilgili \u00e7\u0131kar \u00e7at\u0131\u015fmalar\u0131n\u0131n birlikte duyurulmas\u0131 genel kurald\u0131r.<\/li><li>SK\u0130D; kamuya olan sorumlulu\u011funun bir yans\u0131mas\u0131 olarak, yapt\u0131\u011f\u0131 t\u00fcm aktivitelerde en y\u00fcksek kaliteyi yakalamak i\u00e7in optimum harcama b\u00fct\u00e7esi kullanmaya \u00e7aba g\u00f6sterir ve t\u00fcm \u00fcyelerinin de bu yakla\u015f\u0131m i\u00e7inde olmas\u0131n\u0131 bekler.<\/li><\/ul>\n","protected":false},"excerpt":{"rendered":"<p>Sa\u011fl\u0131kta Kalite \u0130yile\u015ftirme Derne\u011fi, misyonunu yerine getirmek i\u00e7in a\u015fa\u011f\u0131da tan\u0131mlanm\u0131\u015f de\u011ferlere sahip olmay\u0131 ve bu de\u011ferlerin t\u00fcm aktivitelerini y\u00f6nlendirmesini zorunlu g\u00f6rmektedir.Dernek y\u00f6netimi, bu dok\u00fcman\u0131n t\u00fcm \u00fcyelere ula\u015ft\u0131r\u0131lmas\u0131n\u0131 ve kurumsal web [&hellip;]<\/p>\n","protected":false},"author":1,"featured_media":0,"parent":0,"menu_order":0,"comment_status":"closed","ping_status":"closed","template":"","meta":{"_price":"","_stock":"","_tribe_ticket_header":"","_tribe_default_ticket_provider":"","_tribe_ticket_capacity":"0","_ticket_start_date":"","_ticket_end_date":"","_tribe_ticket_show_description":"","_tribe_ticket_show_not_going":false,"_tribe_ticket_use_global_stock":"","_tribe_ticket_global_stock_level":"","_global_stock_mode":"","_global_stock_cap":"","_tribe_rsvp_for_event":"","_tribe_ticket_going_count":"","_tribe_ticket_not_going_count":"","_tribe_tickets_list":"[]","_tribe_ticket_has_attendee_info_fields":false,"footnotes":"","_tec_slr_enabled":"","_tec_slr_layout":""},"class_list":["post-353","page","type-page","status-publish"],"jetpack_sharing_enabled":true,"ticketed":false,"_links":{"self":[{"href":"https:\/\/skid.org.tr\/tr_tr\/wp-json\/wp\/v2\/pages\/353","targetHints":{"allow":["GET"]}}],"collection":[{"href":"https:\/\/skid.org.tr\/tr_tr\/wp-json\/wp\/v2\/pages"}],"about":[{"href":"https:\/\/skid.org.tr\/tr_tr\/wp-json\/wp\/v2\/types\/page"}],"author":[{"embeddable":true,"href":"https:\/\/skid.org.tr\/tr_tr\/wp-json\/wp\/v2\/users\/1"}],"replies":[{"embeddable":true,"href":"https:\/\/skid.org.tr\/tr_tr\/wp-json\/wp\/v2\/comments?post=353"}],"version-history":[{"count":1,"href":"https:\/\/skid.org.tr\/tr_tr\/wp-json\/wp\/v2\/pages\/353\/revisions"}],"predecessor-version":[{"id":354,"href":"https:\/\/skid.org.tr\/tr_tr\/wp-json\/wp\/v2\/pages\/353\/revisions\/354"}],"wp:attachment":[{"href":"https:\/\/skid.org.tr\/tr_tr\/wp-json\/wp\/v2\/media?parent=353"}],"curies":[{"name":"wp","href":"https:\/\/api.w.org\/{rel}","templated":true}]}}